{"id":47,"date":"2010-08-10T16:48:03","date_gmt":"2010-08-10T16:48:03","guid":{"rendered":"http:\/\/www.ra-gaussmann.de\/wordpress\/?page_id=47"},"modified":"2016-08-30T23:53:36","modified_gmt":"2016-08-30T22:53:36","slug":"impressum","status":"publish","type":"page","link":"https:\/\/www.ra-gaussmann.de\/wordpress\/?page_id=47","title":{"rendered":"Impressum"},"content":{"rendered":"<div class=\"PostContent\">\n<div class=\"article\">\n<p><strong><span style=\"font-family: Arial;\"><span style=\"font-size: large;\"><span style=\"font-size: 18px;\">Martin Gau\u00dfmann<span class=\"PostHeader\"><br \/>\nRechtsanwalt und Mediator<\/span><\/span><\/span><\/p>\n<p><\/span><\/strong><span style=\"font-size: 18px;\"><span style=\"font-family: Arial;\">M\u00fcnchener Str. 17<br \/>\n93326 Abensberg<\/p>\n<p><\/span><\/span><span style=\"font-family: Arial;\"><span style=\"font-size: 18px;\">Telefon: 09443 &#8211; 700787<\/span><\/span><br \/>\n<span style=\"font-family: Arial;\"><span style=\"font-size: 18px;\"> Fax: 09443 &#8211;\u00a0700788<\/span><\/span><br \/>\n<span style=\"font-family: Arial; font-size: 16px;\"><br \/>\nInhaltlich Verantwortlicher gem. \u00a7 55 RStV: Rechtsanwalt Martin Gau\u00dfmann<\/span><\/p>\n<hr \/>\n<p><span style=\"font-size: 16px;\"><span style=\"font-family: arial, helvetica, sans-serif;\">Haftungshinweis:<br \/>\nTrotz sorgf\u00e4ltiger inhaltlicher Kontrolle \u00fcbernehmen wir keine Haftung f\u00fcr<br \/>\ndie Inhalte externer Links.<br \/>\nF\u00fcr den Inhalt der verlinkten Seiten sind ausschlie\u00dflich deren Betreiber<br \/>\nverantwortlich.<\/span><\/span><\/div>\n<\/div>\n<hr \/>\n<p>&nbsp;<\/p>\n<div><span style=\"font-size: 16px;\"><span style=\"font-family: Arial;\"><b>Berufsbezeichnung\/Verleihungsstaat:<\/b><\/span><\/span><\/div>\n<div><span style=\"font-size: 16px;\"><span style=\"font-family: Arial;\">Rechtsanwalt, verliehen in der Bundesrepublik Deutschland<\/span><\/span><\/div>\n<div><span style=\"font-size: 16px;\"><span style=\"font-family: Arial;\"><br \/>\n<\/span><\/span><\/div>\n<div><span style=\"font-size: 16px;\"><span style=\"font-family: Arial;\"><b>Aufsichtsbeh\u00f6rde: <\/b> <\/span><\/span><\/div>\n<div><span style=\"font-size: 16px;\"><span style=\"font-family: Arial;\">Rechtsanwaltskammer N\u00fcrnberg, F\u00fcrther Stra\u00dfe 115, 90429 N\u00fcrnberg<\/span><\/span><\/div>\n<div><span style=\"font-size: 16px;\"><span style=\"font-family: Arial;\"><br \/>\n<\/span><\/span><\/div>\n<div><span style=\"font-size: 16px;\"><span style=\"font-family: Arial;\"><b>Berufshaftpflichtversicherung vgl. \u00a7 51 BRAO:<\/b><\/span><\/span><\/div>\n<div><span style=\"font-size: 16px;\"><span style=\"font-family: Arial;\">Zurich Insurance Deutschland, Poppelsdorfer Allee 25-33, 53115 Bonn <\/span><\/span><\/div>\n<div><span style=\"font-size: 16px;\"><span style=\"font-family: Arial;\"><\/p>\n<p><\/span><\/span><\/div>\n<div><span style=\"font-size: 16px;\"><span style=\"font-family: Arial;\"><b>Berufsrechtliche Regelungen\/Zugang:<\/b><\/span><\/span><\/div>\n<div><\/div>\n<div><\/div>\n<p style=\"text-align: left;\"><span style=\"font-family: Arial;\"><span style=\"font-weight: normal;\">&#8211; BRAO (Bundesrechtsanwaltsordnung)<br \/>\n&#8211; BORA (Bundesgeb\u00fchrenordnung f\u00fcr Rechtsanw\u00e4lte )<br \/>\n&#8211; FAO (Fachanwaltsordnung)<br \/>\n&#8211; CCBE-Berufsregeln (Berufsregeln der Rechtsanw\u00e4lte in der Europ\u00e4ischen Gemeinschaft)<br \/>\n&#8211; RVG (Rechtsanwaltsverg\u00fctungsgesetz)<\/span><\/span><\/p>\n<div style=\"text-align: left;\"><span style=\"font-size: 16px;\"><span style=\"font-family: Arial;\"> S\u00e4mtliche einschl\u00e4gigen Regelungen k\u00f6nnen bei der Bundesrechtsanwaltskammer unter <\/span><\/span><a href=\"http:\/\/www.brak.de\" target=\"_blank\"><span style=\"font-size: 16px;\"><span style=\"font-family: Arial;\">www.brak.de<\/span><\/span><\/a><span style=\"font-size: 16px;\"><span style=\"font-family: Arial;\"> bzw. beim Deutschen Anwaltverein unter <\/span><\/span><a href=\"http:\/\/www.anwaltverein.de\/praxis\/berufsrecht\" target=\"_blank\"><span style=\"font-size: 16px;\"><span style=\"font-family: Arial;\">www.anwaltverein.de\/praxis\/berufsrecht<\/span><\/span><\/a><span style=\"font-size: 16px;\"><span style=\"font-family: Arial;\"> eingesehen werden.<\/span><\/span><\/div>\n","protected":false},"excerpt":{"rendered":"<p>Martin Gau\u00dfmann Rechtsanwalt und Mediator M\u00fcnchener Str. 17 93326 Abensberg Telefon: 09443 &#8211; 700787 Fax: 09443 &#8211;\u00a0700788 Inhaltlich Verantwortlicher gem. \u00a7 55 RStV: Rechtsanwalt Martin Gau\u00dfmann Haftungshinweis: Trotz sorgf\u00e4ltiger inhaltlicher Kontrolle \u00fcbernehmen wir keine Haftung f\u00fcr die Inhalte externer Links. F\u00fcr den Inhalt der verlinkten Seiten sind ausschlie\u00dflich deren Betreiber verantwortlich. &nbsp; Berufsbezeichnung\/Verleihungsstaat: Rechtsanwalt, verliehen [&hellip;]<\/p>\n","protected":false},"author":2,"featured_media":0,"parent":0,"menu_order":4,"comment_status":"closed","ping_status":"closed","template":"","meta":{"footnotes":""},"class_list":["post-47","page","type-page","status-publish","hentry"],"_links":{"self":[{"href":"https:\/\/www.ra-gaussmann.de\/wordpress\/index.php?rest_route=\/wp\/v2\/pages\/47","targetHints":{"allow":["GET"]}}],"collection":[{"href":"https:\/\/www.ra-gaussmann.de\/wordpress\/index.php?rest_route=\/wp\/v2\/pages"}],"about":[{"href":"https:\/\/www.ra-gaussmann.de\/wordpress\/index.php?rest_route=\/wp\/v2\/types\/page"}],"author":[{"embeddable":true,"href":"https:\/\/www.ra-gaussmann.de\/wordpress\/index.php?rest_route=\/wp\/v2\/users\/2"}],"replies":[{"embeddable":true,"href":"https:\/\/www.ra-gaussmann.de\/wordpress\/index.php?rest_route=%2Fwp%2Fv2%2Fcomments&post=47"}],"version-history":[{"count":2,"href":"https:\/\/www.ra-gaussmann.de\/wordpress\/index.php?rest_route=\/wp\/v2\/pages\/47\/revisions"}],"predecessor-version":[{"id":165,"href":"https:\/\/www.ra-gaussmann.de\/wordpress\/index.php?rest_route=\/wp\/v2\/pages\/47\/revisions\/165"}],"wp:attachment":[{"href":"https:\/\/www.ra-gaussmann.de\/wordpress\/index.php?rest_route=%2Fwp%2Fv2%2Fmedia&parent=47"}],"curies":[{"name":"wp","href":"https:\/\/api.w.org\/{rel}","templated":true}]}}